{"id":18,"date":"2024-03-15T20:46:41","date_gmt":"2024-03-15T19:46:41","guid":{"rendered":"https:\/\/lesalmees.fr\/?page_id=18"},"modified":"2025-01-19T16:11:24","modified_gmt":"2025-01-19T15:11:24","slug":"galerie","status":"publish","type":"page","link":"https:\/\/lesalmees.fr\/index.php\/galerie\/","title":{"rendered":"Galerie Photos"},"content":{"rendered":"\n<figure class=\"wp-block-gallery has-nested-images columns-default is-cropped wp-block-gallery-1 is-layout-flex wp-block-gallery-is-layout-flex\">\n<figure class=\"wp-block-image size-large\"><img loading=\"lazy\" decoding=\"async\" width=\"1024\" height=\"683\" data-id=\"415\" src=\"http:\/\/lesalmees.fr\/wp-content\/uploads\/2024\/09\/427A8785-1024x683.jpg\" alt=\"Festival Blois Danse\" class=\"wp-image-415\" srcset=\"https:\/\/lesalmees.fr\/wp-content\/uploads\/2024\/09\/427A8785-1024x683.jpg 1024w, https:\/\/lesalmees.fr\/wp-content\/uploads\/2024\/09\/427A8785-300x200.jpg 300w, https:\/\/lesalmees.fr\/wp-content\/uploads\/2024\/09\/427A8785-768x512.jpg 768w, https:\/\/lesalmees.fr\/wp-content\/uploads\/2024\/09\/427A8785-1536x1024.jpg 1536w, https:\/\/lesalmees.fr\/wp-content\/uploads\/2024\/09\/427A8785.jpg 2048w\" sizes=\"auto, (max-width: 1024px) 100vw, 1024px\" \/><figcaption class=\"wp-element-caption\">\u00a9 Cr\u00e9dits photos : Agence Sunshine<\/figcaption><\/figure>\n\n\n\n<figure class=\"wp-block-image size-large\"><img loading=\"lazy\" decoding=\"async\" width=\"1024\" height=\"683\" data-id=\"414\" src=\"http:\/\/lesalmees.fr\/wp-content\/uploads\/2024\/09\/427A8722-1024x683.jpg\" alt=\"Festival Blois Danse\" class=\"wp-image-414\" srcset=\"https:\/\/lesalmees.fr\/wp-content\/uploads\/2024\/09\/427A8722-1024x683.jpg 1024w, https:\/\/lesalmees.fr\/wp-content\/uploads\/2024\/09\/427A8722-300x200.jpg 300w, https:\/\/lesalmees.fr\/wp-content\/uploads\/2024\/09\/427A8722-768x512.jpg 768w, https:\/\/lesalmees.fr\/wp-content\/uploads\/2024\/09\/427A8722-1536x1024.jpg 1536w, https:\/\/lesalmees.fr\/wp-content\/uploads\/2024\/09\/427A8722.jpg 2048w\" sizes=\"auto, (max-width: 1024px) 100vw, 1024px\" \/><figcaption class=\"wp-element-caption\">\u00a9 Cr\u00e9dits photos : Agence Sunshine<\/figcaption><\/figure>\n\n\n\n<figure class=\"wp-block-image size-large\"><img loading=\"lazy\" decoding=\"async\" width=\"1024\" height=\"683\" data-id=\"410\" src=\"http:\/\/lesalmees.fr\/wp-content\/uploads\/2024\/09\/427A7439-1024x683.jpg\" alt=\"Festival Blois Danse\" class=\"wp-image-410\" srcset=\"https:\/\/lesalmees.fr\/wp-content\/uploads\/2024\/09\/427A7439-1024x683.jpg 1024w, https:\/\/lesalmees.fr\/wp-content\/uploads\/2024\/09\/427A7439-300x200.jpg 300w, https:\/\/lesalmees.fr\/wp-content\/uploads\/2024\/09\/427A7439-768x512.jpg 768w, https:\/\/lesalmees.fr\/wp-content\/uploads\/2024\/09\/427A7439-1536x1024.jpg 1536w, https:\/\/lesalmees.fr\/wp-content\/uploads\/2024\/09\/427A7439.jpg 2048w\" sizes=\"auto, (max-width: 1024px) 100vw, 1024px\" \/><figcaption class=\"wp-element-caption\">\u00a9 Cr\u00e9dits photos : Agence Sunshine<\/figcaption><\/figure>\n\n\n\n<figure class=\"wp-block-image size-large\"><img loading=\"lazy\" decoding=\"async\" width=\"1024\" height=\"683\" data-id=\"413\" src=\"http:\/\/lesalmees.fr\/wp-content\/uploads\/2024\/09\/427A7462-1024x683.jpg\" alt=\"Festival Blois Danse\" class=\"wp-image-413\" srcset=\"https:\/\/lesalmees.fr\/wp-content\/uploads\/2024\/09\/427A7462-1024x683.jpg 1024w, https:\/\/lesalmees.fr\/wp-content\/uploads\/2024\/09\/427A7462-300x200.jpg 300w, https:\/\/lesalmees.fr\/wp-content\/uploads\/2024\/09\/427A7462-768x512.jpg 768w, https:\/\/lesalmees.fr\/wp-content\/uploads\/2024\/09\/427A7462-1536x1024.jpg 1536w, https:\/\/lesalmees.fr\/wp-content\/uploads\/2024\/09\/427A7462.jpg 2048w\" sizes=\"auto, (max-width: 1024px) 100vw, 1024px\" \/><figcaption class=\"wp-element-caption\">\u00a9 Cr\u00e9dits photos : Agence Sunshine<\/figcaption><\/figure>\n\n\n\n<figure class=\"wp-block-image size-large\"><img loading=\"lazy\" decoding=\"async\" width=\"1024\" height=\"683\" data-id=\"356\" src=\"http:\/\/lesalmees.fr\/wp-content\/uploads\/2024\/08\/20240802-232048-Les_Almees__Rodeurs-CD-1024x683.jpg\" alt=\"Set Viking\" class=\"wp-image-356\" srcset=\"https:\/\/lesalmees.fr\/wp-content\/uploads\/2024\/08\/20240802-232048-Les_Almees__Rodeurs-CD-1024x683.jpg 1024w, https:\/\/lesalmees.fr\/wp-content\/uploads\/2024\/08\/20240802-232048-Les_Almees__Rodeurs-CD-300x200.jpg 300w, https:\/\/lesalmees.fr\/wp-content\/uploads\/2024\/08\/20240802-232048-Les_Almees__Rodeurs-CD-768x512.jpg 768w, https:\/\/lesalmees.fr\/wp-content\/uploads\/2024\/08\/20240802-232048-Les_Almees__Rodeurs-CD-1536x1024.jpg 1536w, https:\/\/lesalmees.fr\/wp-content\/uploads\/2024\/08\/20240802-232048-Les_Almees__Rodeurs-CD-2048x1365.jpg 2048w\" sizes=\"auto, (max-width: 1024px) 100vw, 1024px\" \/><figcaption class=\"wp-element-caption\">\u00a9 Cr\u00e9dits photos : Christian Delberghe<\/figcaption><\/figure>\n\n\n\n<figure class=\"wp-block-image size-large\"><img loading=\"lazy\" decoding=\"async\" width=\"1024\" height=\"683\" data-id=\"355\" src=\"http:\/\/lesalmees.fr\/wp-content\/uploads\/2024\/08\/20240802-221336-Les_Almees__Rodeurs-CD-1024x683.jpg\" alt=\"Set Oriental\" class=\"wp-image-355\" srcset=\"https:\/\/lesalmees.fr\/wp-content\/uploads\/2024\/08\/20240802-221336-Les_Almees__Rodeurs-CD-1024x683.jpg 1024w, https:\/\/lesalmees.fr\/wp-content\/uploads\/2024\/08\/20240802-221336-Les_Almees__Rodeurs-CD-300x200.jpg 300w, https:\/\/lesalmees.fr\/wp-content\/uploads\/2024\/08\/20240802-221336-Les_Almees__Rodeurs-CD-768x512.jpg 768w, https:\/\/lesalmees.fr\/wp-content\/uploads\/2024\/08\/20240802-221336-Les_Almees__Rodeurs-CD-1536x1024.jpg 1536w, https:\/\/lesalmees.fr\/wp-content\/uploads\/2024\/08\/20240802-221336-Les_Almees__Rodeurs-CD-2048x1365.jpg 2048w\" sizes=\"auto, (max-width: 1024px) 100vw, 1024px\" \/><figcaption class=\"wp-element-caption\">\u00a9 Cr\u00e9dits photos : Christian Delberghe<\/figcaption><\/figure>\n\n\n\n<figure class=\"wp-block-image size-large\"><img loading=\"lazy\" decoding=\"async\" width=\"1024\" height=\"683\" data-id=\"353\" src=\"http:\/\/lesalmees.fr\/wp-content\/uploads\/2024\/08\/20240802-201221-Les_Almees__Rodeurs-CD-1024x683.jpg\" alt=\"Guinguette de la forteresse\" class=\"wp-image-353\" srcset=\"https:\/\/lesalmees.fr\/wp-content\/uploads\/2024\/08\/20240802-201221-Les_Almees__Rodeurs-CD-1024x683.jpg 1024w, https:\/\/lesalmees.fr\/wp-content\/uploads\/2024\/08\/20240802-201221-Les_Almees__Rodeurs-CD-300x200.jpg 300w, https:\/\/lesalmees.fr\/wp-content\/uploads\/2024\/08\/20240802-201221-Les_Almees__Rodeurs-CD-768x512.jpg 768w, https:\/\/lesalmees.fr\/wp-content\/uploads\/2024\/08\/20240802-201221-Les_Almees__Rodeurs-CD-1536x1024.jpg 1536w, https:\/\/lesalmees.fr\/wp-content\/uploads\/2024\/08\/20240802-201221-Les_Almees__Rodeurs-CD-2048x1365.jpg 2048w\" sizes=\"auto, (max-width: 1024px) 100vw, 1024px\" \/><figcaption class=\"wp-element-caption\">\u00a9 Cr\u00e9dits photos : Christian Delberghe<\/figcaption><\/figure>\n\n\n\n<figure class=\"wp-block-image size-large\"><img loading=\"lazy\" decoding=\"async\" width=\"1024\" height=\"683\" data-id=\"330\" src=\"http:\/\/lesalmees.fr\/wp-content\/uploads\/2024\/07\/Messenger_creation_03a64262-4a21-48be-8eb9-eb8abb1600b0-1024x683.jpeg\" alt=\"Photo groupe avec les R\u00f4deurs du Nord\" class=\"wp-image-330\" srcset=\"https:\/\/lesalmees.fr\/wp-content\/uploads\/2024\/07\/Messenger_creation_03a64262-4a21-48be-8eb9-eb8abb1600b0-1024x683.jpeg 1024w, https:\/\/lesalmees.fr\/wp-content\/uploads\/2024\/07\/Messenger_creation_03a64262-4a21-48be-8eb9-eb8abb1600b0-300x200.jpeg 300w, https:\/\/lesalmees.fr\/wp-content\/uploads\/2024\/07\/Messenger_creation_03a64262-4a21-48be-8eb9-eb8abb1600b0-768x512.jpeg 768w, https:\/\/lesalmees.fr\/wp-content\/uploads\/2024\/07\/Messenger_creation_03a64262-4a21-48be-8eb9-eb8abb1600b0-1536x1024.jpeg 1536w, https:\/\/lesalmees.fr\/wp-content\/uploads\/2024\/07\/Messenger_creation_03a64262-4a21-48be-8eb9-eb8abb1600b0-2048x1365.jpeg 2048w\" sizes=\"auto, (max-width: 1024px) 100vw, 1024px\" \/><figcaption class=\"wp-element-caption\">\u00a9 Cr\u00e9dits photos : Christian Delberghe<\/figcaption><\/figure>\n\n\n\n<figure class=\"wp-block-image size-large\"><img loading=\"lazy\" decoding=\"async\" width=\"1024\" height=\"721\" data-id=\"362\" src=\"http:\/\/lesalmees.fr\/wp-content\/uploads\/2024\/08\/IMG-20240706-WA0004-1024x721.jpg\" alt=\"March\u00e9 m\u00e9di\u00e9val Montrichard\" class=\"wp-image-362\" srcset=\"https:\/\/lesalmees.fr\/wp-content\/uploads\/2024\/08\/IMG-20240706-WA0004-1024x721.jpg 1024w, https:\/\/lesalmees.fr\/wp-content\/uploads\/2024\/08\/IMG-20240706-WA0004-300x211.jpg 300w, https:\/\/lesalmees.fr\/wp-content\/uploads\/2024\/08\/IMG-20240706-WA0004-768x541.jpg 768w, https:\/\/lesalmees.fr\/wp-content\/uploads\/2024\/08\/IMG-20240706-WA0004-1536x1082.jpg 1536w, https:\/\/lesalmees.fr\/wp-content\/uploads\/2024\/08\/IMG-20240706-WA0004.jpg 1600w\" sizes=\"auto, (max-width: 1024px) 100vw, 1024px\" \/><figcaption class=\"wp-element-caption\">March\u00e9 m\u00e9di\u00e9val Montrichard <\/figcaption><\/figure>\n\n\n\n<figure class=\"wp-block-image size-large\"><img loading=\"lazy\" decoding=\"async\" width=\"1024\" height=\"683\" data-id=\"363\" src=\"http:\/\/lesalmees.fr\/wp-content\/uploads\/2024\/08\/Messenger_creation_aac4768c-cdca-46bf-bfe2-c639b6338cec-1024x683.jpeg\" alt=\"March\u00e9 m\u00e9di\u00e9val Montrichard\" class=\"wp-image-363\" srcset=\"https:\/\/lesalmees.fr\/wp-content\/uploads\/2024\/08\/Messenger_creation_aac4768c-cdca-46bf-bfe2-c639b6338cec-1024x683.jpeg 1024w, https:\/\/lesalmees.fr\/wp-content\/uploads\/2024\/08\/Messenger_creation_aac4768c-cdca-46bf-bfe2-c639b6338cec-300x200.jpeg 300w, https:\/\/lesalmees.fr\/wp-content\/uploads\/2024\/08\/Messenger_creation_aac4768c-cdca-46bf-bfe2-c639b6338cec-768x512.jpeg 768w, https:\/\/lesalmees.fr\/wp-content\/uploads\/2024\/08\/Messenger_creation_aac4768c-cdca-46bf-bfe2-c639b6338cec-1536x1024.jpeg 1536w, https:\/\/lesalmees.fr\/wp-content\/uploads\/2024\/08\/Messenger_creation_aac4768c-cdca-46bf-bfe2-c639b6338cec-2048x1365.jpeg 2048w\" sizes=\"auto, (max-width: 1024px) 100vw, 1024px\" \/><figcaption class=\"wp-element-caption\">\u00a9 Cr\u00e9dits photos : Christian Delberghe<\/figcaption><\/figure>\n\n\n\n<figure class=\"wp-block-image size-large\"><img loading=\"lazy\" decoding=\"async\" width=\"1024\" height=\"684\" data-id=\"359\" src=\"http:\/\/lesalmees.fr\/wp-content\/uploads\/2024\/08\/20240608-224413-Spectacle_ADA-CD-1024x684.jpg\" alt=\"Spectacle ADA\" class=\"wp-image-359\" srcset=\"https:\/\/lesalmees.fr\/wp-content\/uploads\/2024\/08\/20240608-224413-Spectacle_ADA-CD-1024x684.jpg 1024w, https:\/\/lesalmees.fr\/wp-content\/uploads\/2024\/08\/20240608-224413-Spectacle_ADA-CD-300x200.jpg 300w, https:\/\/lesalmees.fr\/wp-content\/uploads\/2024\/08\/20240608-224413-Spectacle_ADA-CD-768x513.jpg 768w, https:\/\/lesalmees.fr\/wp-content\/uploads\/2024\/08\/20240608-224413-Spectacle_ADA-CD-1536x1025.jpg 1536w, https:\/\/lesalmees.fr\/wp-content\/uploads\/2024\/08\/20240608-224413-Spectacle_ADA-CD-2048x1367.jpg 2048w\" sizes=\"auto, (max-width: 1024px) 100vw, 1024px\" \/><figcaption class=\"wp-element-caption\">\u00a9 Cr\u00e9dits photos : Christian Delberghe<\/figcaption><\/figure>\n\n\n\n<figure class=\"wp-block-image size-large\"><img loading=\"lazy\" decoding=\"async\" width=\"1024\" height=\"684\" data-id=\"312\" src=\"http:\/\/lesalmees.fr\/wp-content\/uploads\/2024\/07\/20240608-224131-Spectacle_ADA-CD-1024x684.jpg\" alt=\"Atelier FCBD\u00aeStyle\" class=\"wp-image-312\" srcset=\"https:\/\/lesalmees.fr\/wp-content\/uploads\/2024\/07\/20240608-224131-Spectacle_ADA-CD-1024x684.jpg 1024w, https:\/\/lesalmees.fr\/wp-content\/uploads\/2024\/07\/20240608-224131-Spectacle_ADA-CD-300x200.jpg 300w, https:\/\/lesalmees.fr\/wp-content\/uploads\/2024\/07\/20240608-224131-Spectacle_ADA-CD-768x513.jpg 768w, https:\/\/lesalmees.fr\/wp-content\/uploads\/2024\/07\/20240608-224131-Spectacle_ADA-CD-1536x1025.jpg 1536w, https:\/\/lesalmees.fr\/wp-content\/uploads\/2024\/07\/20240608-224131-Spectacle_ADA-CD-2048x1367.jpg 2048w\" sizes=\"auto, (max-width: 1024px) 100vw, 1024px\" \/><figcaption class=\"wp-element-caption\">\u00a9 Cr\u00e9dits photos : Christian Delberghe<\/figcaption><\/figure>\n\n\n\n<figure class=\"wp-block-image size-large\"><img loading=\"lazy\" decoding=\"async\" width=\"1024\" height=\"684\" data-id=\"358\" src=\"http:\/\/lesalmees.fr\/wp-content\/uploads\/2024\/08\/20240608-223927-Spectacle_ADA-CD-1024x684.jpg\" alt=\"Spectacle ADA\" class=\"wp-image-358\" srcset=\"https:\/\/lesalmees.fr\/wp-content\/uploads\/2024\/08\/20240608-223927-Spectacle_ADA-CD-1024x684.jpg 1024w, https:\/\/lesalmees.fr\/wp-content\/uploads\/2024\/08\/20240608-223927-Spectacle_ADA-CD-300x200.jpg 300w, https:\/\/lesalmees.fr\/wp-content\/uploads\/2024\/08\/20240608-223927-Spectacle_ADA-CD-768x513.jpg 768w, https:\/\/lesalmees.fr\/wp-content\/uploads\/2024\/08\/20240608-223927-Spectacle_ADA-CD-1536x1025.jpg 1536w, https:\/\/lesalmees.fr\/wp-content\/uploads\/2024\/08\/20240608-223927-Spectacle_ADA-CD-2048x1367.jpg 2048w\" sizes=\"auto, (max-width: 1024px) 100vw, 1024px\" \/><figcaption class=\"wp-element-caption\">\u00a9 Cr\u00e9dits photos : Christian Delberghe<\/figcaption><\/figure>\n\n\n\n<figure class=\"wp-block-image size-large\"><img loading=\"lazy\" decoding=\"async\" width=\"1000\" height=\"667\" data-id=\"360\" src=\"http:\/\/lesalmees.fr\/wp-content\/uploads\/2024\/08\/Ashera-Production-salut.jpg\" alt=\"Tribal Roses\" class=\"wp-image-360\" srcset=\"https:\/\/lesalmees.fr\/wp-content\/uploads\/2024\/08\/Ashera-Production-salut.jpg 1000w, https:\/\/lesalmees.fr\/wp-content\/uploads\/2024\/08\/Ashera-Production-salut-300x200.jpg 300w, https:\/\/lesalmees.fr\/wp-content\/uploads\/2024\/08\/Ashera-Production-salut-768x512.jpg 768w\" sizes=\"auto, (max-width: 1000px) 100vw, 1000px\" \/><figcaption class=\"wp-element-caption\">\u00a9 Cr\u00e9dits photos : Ashera Production <\/figcaption><\/figure>\n\n\n\n<figure class=\"wp-block-image size-large\"><img loading=\"lazy\" decoding=\"async\" width=\"1000\" height=\"667\" data-id=\"361\" src=\"http:\/\/lesalmees.fr\/wp-content\/uploads\/2024\/08\/Ashera-Production-werben.jpg\" alt=\"Tribal Roses\" class=\"wp-image-361\" srcset=\"https:\/\/lesalmees.fr\/wp-content\/uploads\/2024\/08\/Ashera-Production-werben.jpg 1000w, https:\/\/lesalmees.fr\/wp-content\/uploads\/2024\/08\/Ashera-Production-werben-300x200.jpg 300w, https:\/\/lesalmees.fr\/wp-content\/uploads\/2024\/08\/Ashera-Production-werben-768x512.jpg 768w\" sizes=\"auto, (max-width: 1000px) 100vw, 1000px\" \/><figcaption class=\"wp-element-caption\">\u00a9 Cr\u00e9dits photos : Ashera Production <\/figcaption><\/figure>\n\n\n\n<figure class=\"wp-block-image size-large\"><img loading=\"lazy\" decoding=\"async\" width=\"1024\" height=\"771\" data-id=\"366\" src=\"http:\/\/lesalmees.fr\/wp-content\/uploads\/2024\/08\/IMG-20231228-WA0002-1024x771.jpg\" alt=\"Marpa Monteaux\" class=\"wp-image-366\" srcset=\"https:\/\/lesalmees.fr\/wp-content\/uploads\/2024\/08\/IMG-20231228-WA0002-1024x771.jpg 1024w, https:\/\/lesalmees.fr\/wp-content\/uploads\/2024\/08\/IMG-20231228-WA0002-300x226.jpg 300w, https:\/\/lesalmees.fr\/wp-content\/uploads\/2024\/08\/IMG-20231228-WA0002-768x578.jpg 768w, https:\/\/lesalmees.fr\/wp-content\/uploads\/2024\/08\/IMG-20231228-WA0002-1536x1157.jpg 1536w, https:\/\/lesalmees.fr\/wp-content\/uploads\/2024\/08\/IMG-20231228-WA0002.jpg 2040w\" sizes=\"auto, (max-width: 1024px) 100vw, 1024px\" \/><figcaption class=\"wp-element-caption\">Marpa Monteaux<\/figcaption><\/figure>\n\n\n\n<figure class=\"wp-block-image size-large\"><img loading=\"lazy\" decoding=\"async\" width=\"1024\" height=\"737\" data-id=\"367\" src=\"http:\/\/lesalmees.fr\/wp-content\/uploads\/2024\/08\/PXL_20231202_135023547-1024x737.jpg\" alt=\"T\u00e9l\u00e9thon 2023\" class=\"wp-image-367\" srcset=\"https:\/\/lesalmees.fr\/wp-content\/uploads\/2024\/08\/PXL_20231202_135023547-1024x737.jpg 1024w, https:\/\/lesalmees.fr\/wp-content\/uploads\/2024\/08\/PXL_20231202_135023547-300x216.jpg 300w, https:\/\/lesalmees.fr\/wp-content\/uploads\/2024\/08\/PXL_20231202_135023547-768x553.jpg 768w, https:\/\/lesalmees.fr\/wp-content\/uploads\/2024\/08\/PXL_20231202_135023547-1536x1106.jpg 1536w, https:\/\/lesalmees.fr\/wp-content\/uploads\/2024\/08\/PXL_20231202_135023547.jpg 1910w\" sizes=\"auto, (max-width: 1024px) 100vw, 1024px\" \/><figcaption class=\"wp-element-caption\">T\u00e9l\u00e9thon 2023<\/figcaption><\/figure>\n\n\n\n<figure class=\"wp-block-image size-large\"><img loading=\"lazy\" decoding=\"async\" width=\"1024\" height=\"683\" data-id=\"368\" src=\"http:\/\/lesalmees.fr\/wp-content\/uploads\/2024\/08\/427A2438-1024x683.jpg\" alt=\"Festival Blois Danse 2022\" class=\"wp-image-368\" srcset=\"https:\/\/lesalmees.fr\/wp-content\/uploads\/2024\/08\/427A2438-1024x683.jpg 1024w, https:\/\/lesalmees.fr\/wp-content\/uploads\/2024\/08\/427A2438-300x200.jpg 300w, https:\/\/lesalmees.fr\/wp-content\/uploads\/2024\/08\/427A2438-768x512.jpg 768w, https:\/\/lesalmees.fr\/wp-content\/uploads\/2024\/08\/427A2438-1536x1024.jpg 1536w, https:\/\/lesalmees.fr\/wp-content\/uploads\/2024\/08\/427A2438-2048x1365.jpg 2048w\" sizes=\"auto, (max-width: 1024px) 100vw, 1024px\" \/><figcaption class=\"wp-element-caption\">\u00a9 Cr\u00e9dits photos : Agence Sunshine<\/figcaption><\/figure>\n\n\n\n<figure class=\"wp-block-image size-large\"><img loading=\"lazy\" decoding=\"async\" width=\"1024\" height=\"683\" data-id=\"369\" src=\"http:\/\/lesalmees.fr\/wp-content\/uploads\/2024\/08\/427A2586-1024x683.jpg\" alt=\"Festival Blois Danse 2022\" class=\"wp-image-369\" srcset=\"https:\/\/lesalmees.fr\/wp-content\/uploads\/2024\/08\/427A2586-1024x683.jpg 1024w, https:\/\/lesalmees.fr\/wp-content\/uploads\/2024\/08\/427A2586-300x200.jpg 300w, https:\/\/lesalmees.fr\/wp-content\/uploads\/2024\/08\/427A2586-768x512.jpg 768w, https:\/\/lesalmees.fr\/wp-content\/uploads\/2024\/08\/427A2586-1536x1024.jpg 1536w, https:\/\/lesalmees.fr\/wp-content\/uploads\/2024\/08\/427A2586-2048x1365.jpg 2048w\" sizes=\"auto, (max-width: 1024px) 100vw, 1024px\" \/><figcaption class=\"wp-element-caption\">\u00a9 Cr\u00e9dits photos : Agence Sunshine<\/figcaption><\/figure>\n\n\n\n<figure class=\"wp-block-image size-large\"><img loading=\"lazy\" decoding=\"async\" width=\"1024\" height=\"683\" data-id=\"370\" src=\"http:\/\/lesalmees.fr\/wp-content\/uploads\/2024\/08\/427A9433-1024x683.jpg\" alt=\"Festival Blois Danse 2022\" class=\"wp-image-370\" srcset=\"https:\/\/lesalmees.fr\/wp-content\/uploads\/2024\/08\/427A9433-1024x683.jpg 1024w, https:\/\/lesalmees.fr\/wp-content\/uploads\/2024\/08\/427A9433-300x200.jpg 300w, https:\/\/lesalmees.fr\/wp-content\/uploads\/2024\/08\/427A9433-768x512.jpg 768w, https:\/\/lesalmees.fr\/wp-content\/uploads\/2024\/08\/427A9433-1536x1024.jpg 1536w, https:\/\/lesalmees.fr\/wp-content\/uploads\/2024\/08\/427A9433-2048x1365.jpg 2048w\" sizes=\"auto, (max-width: 1024px) 100vw, 1024px\" \/><figcaption class=\"wp-element-caption\">\u00a9 Cr\u00e9dits photos : Agence Sunshine<\/figcaption><\/figure>\n\n\n\n<figure class=\"wp-block-image size-large\"><img loading=\"lazy\" decoding=\"async\" width=\"1024\" height=\"683\" data-id=\"371\" src=\"http:\/\/lesalmees.fr\/wp-content\/uploads\/2024\/08\/427A9691-1024x683.jpg\" alt=\"Festival Blois Danse\" class=\"wp-image-371\" srcset=\"https:\/\/lesalmees.fr\/wp-content\/uploads\/2024\/08\/427A9691-1024x683.jpg 1024w, https:\/\/lesalmees.fr\/wp-content\/uploads\/2024\/08\/427A9691-300x200.jpg 300w, https:\/\/lesalmees.fr\/wp-content\/uploads\/2024\/08\/427A9691-768x512.jpg 768w, https:\/\/lesalmees.fr\/wp-content\/uploads\/2024\/08\/427A9691-1536x1024.jpg 1536w, https:\/\/lesalmees.fr\/wp-content\/uploads\/2024\/08\/427A9691-2048x1365.jpg 2048w\" sizes=\"auto, (max-width: 1024px) 100vw, 1024px\" \/><figcaption class=\"wp-element-caption\">\u00a9 Cr\u00e9dits photos : Agence Sunshine<\/figcaption><\/figure>\n\n\n\n<figure class=\"wp-block-image size-large\"><img loading=\"lazy\" decoding=\"async\" width=\"1024\" height=\"683\" data-id=\"372\" src=\"http:\/\/lesalmees.fr\/wp-content\/uploads\/2024\/08\/FB_IMG_1687950716072-1024x683.jpg\" alt=\"M\u00e9di\u00e9vale de St Outrille\" class=\"wp-image-372\" srcset=\"https:\/\/lesalmees.fr\/wp-content\/uploads\/2024\/08\/FB_IMG_1687950716072-1024x683.jpg 1024w, https:\/\/lesalmees.fr\/wp-content\/uploads\/2024\/08\/FB_IMG_1687950716072-300x200.jpg 300w, https:\/\/lesalmees.fr\/wp-content\/uploads\/2024\/08\/FB_IMG_1687950716072-768x512.jpg 768w, https:\/\/lesalmees.fr\/wp-content\/uploads\/2024\/08\/FB_IMG_1687950716072.jpg 1080w\" sizes=\"auto, (max-width: 1024px) 100vw, 1024px\" \/><figcaption class=\"wp-element-caption\">M\u00e9di\u00e9vale de St Outrille<\/figcaption><\/figure>\n\n\n\n<figure class=\"wp-block-image size-large\"><img loading=\"lazy\" decoding=\"async\" width=\"1024\" height=\"684\" data-id=\"378\" src=\"http:\/\/lesalmees.fr\/wp-content\/uploads\/2024\/08\/DSC_1544-1024x684.jpg\" alt=\"Shooting au Moulin de Pasnel\" class=\"wp-image-378\" srcset=\"https:\/\/lesalmees.fr\/wp-content\/uploads\/2024\/08\/DSC_1544-1024x684.jpg 1024w, https:\/\/lesalmees.fr\/wp-content\/uploads\/2024\/08\/DSC_1544-300x200.jpg 300w, https:\/\/lesalmees.fr\/wp-content\/uploads\/2024\/08\/DSC_1544-768x513.jpg 768w, https:\/\/lesalmees.fr\/wp-content\/uploads\/2024\/08\/DSC_1544-1536x1025.jpg 1536w, https:\/\/lesalmees.fr\/wp-content\/uploads\/2024\/08\/DSC_1544-2048x1367.jpg 2048w\" sizes=\"auto, (max-width: 1024px) 100vw, 1024px\" \/><figcaption class=\"wp-element-caption\">\u00a9 Cr\u00e9dits photos : Figeur Intemporel<\/figcaption><\/figure>\n\n\n\n<figure class=\"wp-block-image size-large\"><img loading=\"lazy\" decoding=\"async\" width=\"1024\" height=\"684\" data-id=\"377\" src=\"http:\/\/lesalmees.fr\/wp-content\/uploads\/2024\/08\/DSC_1542-1024x684.jpg\" alt=\"Shooting au Moulin de Pasnel\" class=\"wp-image-377\" srcset=\"https:\/\/lesalmees.fr\/wp-content\/uploads\/2024\/08\/DSC_1542-1024x684.jpg 1024w, https:\/\/lesalmees.fr\/wp-content\/uploads\/2024\/08\/DSC_1542-300x200.jpg 300w, https:\/\/lesalmees.fr\/wp-content\/uploads\/2024\/08\/DSC_1542-768x513.jpg 768w, https:\/\/lesalmees.fr\/wp-content\/uploads\/2024\/08\/DSC_1542-1536x1025.jpg 1536w, https:\/\/lesalmees.fr\/wp-content\/uploads\/2024\/08\/DSC_1542-2048x1367.jpg 2048w\" sizes=\"auto, (max-width: 1024px) 100vw, 1024px\" \/><figcaption class=\"wp-element-caption\">\u00a9 Cr\u00e9dits photos : Figeur Intemporel<\/figcaption><\/figure>\n\n\n\n<figure class=\"wp-block-image size-large\"><img loading=\"lazy\" decoding=\"async\" width=\"1024\" height=\"768\" data-id=\"373\" src=\"http:\/\/lesalmees.fr\/wp-content\/uploads\/2024\/08\/IMG_20220618_162401-1024x768.jpg\" alt=\"Mesland\" class=\"wp-image-373\" srcset=\"https:\/\/lesalmees.fr\/wp-content\/uploads\/2024\/08\/IMG_20220618_162401-1024x768.jpg 1024w, https:\/\/lesalmees.fr\/wp-content\/uploads\/2024\/08\/IMG_20220618_162401-300x225.jpg 300w, https:\/\/lesalmees.fr\/wp-content\/uploads\/2024\/08\/IMG_20220618_162401-768x576.jpg 768w, https:\/\/lesalmees.fr\/wp-content\/uploads\/2024\/08\/IMG_20220618_162401-1536x1152.jpg 1536w, https:\/\/lesalmees.fr\/wp-content\/uploads\/2024\/08\/IMG_20220618_162401-2048x1536.jpg 2048w\" sizes=\"auto, (max-width: 1024px) 100vw, 1024px\" \/><figcaption class=\"wp-element-caption\">F\u00eate de la musique de Mesland<\/figcaption><\/figure>\n\n\n\n<figure class=\"wp-block-image size-large\"><img loading=\"lazy\" decoding=\"async\" width=\"1024\" height=\"768\" data-id=\"374\" src=\"http:\/\/lesalmees.fr\/wp-content\/uploads\/2024\/08\/image00005-1024x768.jpeg\" alt=\"Ecolieu la Filerie\" class=\"wp-image-374\" srcset=\"https:\/\/lesalmees.fr\/wp-content\/uploads\/2024\/08\/image00005-1024x768.jpeg 1024w, https:\/\/lesalmees.fr\/wp-content\/uploads\/2024\/08\/image00005-300x225.jpeg 300w, https:\/\/lesalmees.fr\/wp-content\/uploads\/2024\/08\/image00005-768x576.jpeg 768w, https:\/\/lesalmees.fr\/wp-content\/uploads\/2024\/08\/image00005-1536x1152.jpeg 1536w, https:\/\/lesalmees.fr\/wp-content\/uploads\/2024\/08\/image00005-2048x1536.jpeg 2048w\" sizes=\"auto, (max-width: 1024px) 100vw, 1024px\" \/><figcaption class=\"wp-element-caption\">Ecolieu la Filerie<\/figcaption><\/figure>\n\n\n\n<figure class=\"wp-block-image size-large\"><img loading=\"lazy\" decoding=\"async\" width=\"827\" height=\"466\" data-id=\"375\" src=\"http:\/\/lesalmees.fr\/wp-content\/uploads\/2024\/08\/received_254361443066849.jpeg\" alt=\"Avec les Fanfaristan Orkestra\" class=\"wp-image-375\" srcset=\"https:\/\/lesalmees.fr\/wp-content\/uploads\/2024\/08\/received_254361443066849.jpeg 827w, https:\/\/lesalmees.fr\/wp-content\/uploads\/2024\/08\/received_254361443066849-300x169.jpeg 300w, https:\/\/lesalmees.fr\/wp-content\/uploads\/2024\/08\/received_254361443066849-768x433.jpeg 768w\" sizes=\"auto, (max-width: 827px) 100vw, 827px\" \/><figcaption class=\"wp-element-caption\">Avec les Fanfaristan Orkestra<\/figcaption><\/figure>\n<\/figure>\n\n\n\n<p><strong>Galerie Vid\u00e9os<\/strong><\/p>\n\n\n\n<p>Nos vid\u00e9os sont disponibles sur notre cha\u00eene <a href=\"https:\/\/www.youtube.com\/playlist?list=PLfhI4meS0vik-qlOted4dPX2FOCvQ41oG\">Youtube<\/a><\/p>\n\n\n\n<p><\/p>\n","protected":false},"excerpt":{"rendered":"<p>Galerie Vid\u00e9os Nos vid\u00e9os sont disponibles sur notre cha\u00eene Youtube<\/p>\n","protected":false},"author":1,"featured_media":0,"parent":0,"menu_order":0,"comment_status":"closed","ping_status":"closed","template":"","meta":{"site-sidebar-layout":"default","site-content-layout":"","ast-site-content-layout":"","site-content-style":"default","site-sidebar-style":"default","ast-global-header-display":"","ast-banner-title-visibility":"","ast-main-header-display":"","ast-hfb-above-header-display":"","ast-hfb-below-header-display":"","ast-hfb-mobile-header-display":"","site-post-title":"","ast-breadcrumbs-content":"","ast-featured-img":"","footer-sml-layout":"","theme-transparent-header-meta":"","adv-header-id-meta":"","stick-header-meta":"","header-above-stick-meta":"","header-main-stick-meta":"","header-below-stick-meta":"","astra-migrate-meta-layouts":"default","ast-page-background-enabled":"default","ast-page-background-meta":{"desktop":{"background-color":"var(--ast-global-color-4)","background-image":"","background-repeat":"repeat","background-position":"center center","background-size":"auto","background-attachment":"scroll","background-type":"","background-media":"","overlay-type":"","overlay-color":"","overlay-gradient":""},"tablet":{"background-color":"","background-image":"","background-repeat":"repeat","background-position":"center center","background-size":"auto","background-attachment":"scroll","background-type":"","background-media":"","overlay-type":"","overlay-color":"","overlay-gradient":""},"mobile":{"background-color":"","background-image":"","background-repeat":"repeat","background-position":"center center","background-size":"auto","background-attachment":"scroll","background-type":"","background-media":"","overlay-type":"","overlay-color":"","overlay-gradient":""}},"ast-content-background-meta":{"desktop":{"background-color":"var(--ast-global-color-5)","background-image":"","background-repeat":"repeat","background-position":"center center","background-size":"auto","background-attachment":"scroll","background-type":"","background-media":"","overlay-type":"","overlay-color":"","overlay-gradient":""},"tablet":{"background-color":"var(--ast-global-color-5)","background-image":"","background-repeat":"repeat","background-position":"center center","background-size":"auto","background-attachment":"scroll","background-type":"","background-media":"","overlay-type":"","overlay-color":"","overlay-gradient":""},"mobile":{"background-color":"var(--ast-global-color-5)","background-image":"","background-repeat":"repeat","background-position":"center center","background-size":"auto","background-attachment":"scroll","background-type":"","background-media":"","overlay-type":"","overlay-color":"","overlay-gradient":""}},"footnotes":""},"class_list":["post-18","page","type-page","status-publish","hentry"],"yoast_head":"<!-- This site is optimized with the Yoast SEO plugin v22.2 - https:\/\/yoast.com\/wordpress\/plugins\/seo\/ -->\n<title>Galerie Photos - Les Alm\u00e9es<\/title>\n<meta name=\"robots\" content=\"index, follow, max-snippet:-1, max-image-preview:large, max-video-preview:-1\" \/>\n<link rel=\"canonical\" href=\"https:\/\/lesalmees.fr\/index.php\/galerie\/\" \/>\n<meta property=\"og:locale\" content=\"fr_FR\" \/>\n<meta property=\"og:type\" content=\"article\" \/>\n<meta property=\"og:title\" content=\"Galerie Photos - Les Alm\u00e9es\" \/>\n<meta property=\"og:description\" content=\"Galerie Vid\u00e9os Nos vid\u00e9os sont disponibles sur notre cha\u00eene Youtube\" \/>\n<meta property=\"og:url\" content=\"https:\/\/lesalmees.fr\/index.php\/galerie\/\" \/>\n<meta property=\"og:site_name\" content=\"Les Alm\u00e9es\" \/>\n<meta property=\"article:modified_time\" content=\"2025-01-19T15:11:24+00:00\" \/>\n<meta property=\"og:image\" content=\"http:\/\/lesalmees.fr\/wp-content\/uploads\/2024\/09\/427A8785-1024x683.jpg\" \/>\n<meta name=\"twitter:card\" content=\"summary_large_image\" \/>\n<meta name=\"twitter:label1\" content=\"Dur\u00e9e de lecture estim\u00e9e\" \/>\n\t<meta name=\"twitter:data1\" content=\"7 minutes\" \/>\n<script type=\"application\/ld+json\" class=\"yoast-schema-graph\">{\"@context\":\"https:\/\/schema.org\",\"@graph\":[{\"@type\":\"WebPage\",\"@id\":\"https:\/\/lesalmees.fr\/index.php\/galerie\/\",\"url\":\"https:\/\/lesalmees.fr\/index.php\/galerie\/\",\"name\":\"Galerie Photos - Les Alm\u00e9es\",\"isPartOf\":{\"@id\":\"https:\/\/lesalmees.fr\/#website\"},\"primaryImageOfPage\":{\"@id\":\"https:\/\/lesalmees.fr\/index.php\/galerie\/#primaryimage\"},\"image\":{\"@id\":\"https:\/\/lesalmees.fr\/index.php\/galerie\/#primaryimage\"},\"thumbnailUrl\":\"http:\/\/lesalmees.fr\/wp-content\/uploads\/2024\/09\/427A8785-1024x683.jpg\",\"datePublished\":\"2024-03-15T19:46:41+00:00\",\"dateModified\":\"2025-01-19T15:11:24+00:00\",\"breadcrumb\":{\"@id\":\"https:\/\/lesalmees.fr\/index.php\/galerie\/#breadcrumb\"},\"inLanguage\":\"fr-FR\",\"potentialAction\":[{\"@type\":\"ReadAction\",\"target\":[\"https:\/\/lesalmees.fr\/index.php\/galerie\/\"]}]},{\"@type\":\"ImageObject\",\"inLanguage\":\"fr-FR\",\"@id\":\"https:\/\/lesalmees.fr\/index.php\/galerie\/#primaryimage\",\"url\":\"https:\/\/lesalmees.fr\/wp-content\/uploads\/2024\/09\/427A8785.jpg\",\"contentUrl\":\"https:\/\/lesalmees.fr\/wp-content\/uploads\/2024\/09\/427A8785.jpg\",\"width\":2048,\"height\":1365,\"caption\":\"\u00a9 Cr\u00e9dits photos : Agence Sunshine\"},{\"@type\":\"BreadcrumbList\",\"@id\":\"https:\/\/lesalmees.fr\/index.php\/galerie\/#breadcrumb\",\"itemListElement\":[{\"@type\":\"ListItem\",\"position\":1,\"name\":\"Accueil\",\"item\":\"https:\/\/lesalmees.fr\/\"},{\"@type\":\"ListItem\",\"position\":2,\"name\":\"Galerie Photos\"}]},{\"@type\":\"WebSite\",\"@id\":\"https:\/\/lesalmees.fr\/#website\",\"url\":\"https:\/\/lesalmees.fr\/\",\"name\":\"Les Alm\u00e9es\",\"description\":\"\",\"publisher\":{\"@id\":\"https:\/\/lesalmees.fr\/#organization\"},\"potentialAction\":[{\"@type\":\"SearchAction\",\"target\":{\"@type\":\"EntryPoint\",\"urlTemplate\":\"https:\/\/lesalmees.fr\/?s={search_term_string}\"},\"query-input\":\"required name=search_term_string\"}],\"inLanguage\":\"fr-FR\"},{\"@type\":\"Organization\",\"@id\":\"https:\/\/lesalmees.fr\/#organization\",\"name\":\"Les Alm\u00e9es\",\"url\":\"https:\/\/lesalmees.fr\/\",\"logo\":{\"@type\":\"ImageObject\",\"inLanguage\":\"fr-FR\",\"@id\":\"https:\/\/lesalmees.fr\/#\/schema\/logo\/image\/\",\"url\":\"https:\/\/lesalmees.fr\/wp-content\/uploads\/2023\/09\/cropped-logo3-copier-1.png\",\"contentUrl\":\"https:\/\/lesalmees.fr\/wp-content\/uploads\/2023\/09\/cropped-logo3-copier-1.png\",\"width\":799,\"height\":916,\"caption\":\"Les Alm\u00e9es\"},\"image\":{\"@id\":\"https:\/\/lesalmees.fr\/#\/schema\/logo\/image\/\"}}]}<\/script>\n<!-- \/ Yoast SEO plugin. -->","yoast_head_json":{"title":"Galerie Photos - Les Alm\u00e9es","robots":{"index":"index","follow":"follow","max-snippet":"max-snippet:-1","max-image-preview":"max-image-preview:large","max-video-preview":"max-video-preview:-1"},"canonical":"https:\/\/lesalmees.fr\/index.php\/galerie\/","og_locale":"fr_FR","og_type":"article","og_title":"Galerie Photos - Les Alm\u00e9es","og_description":"Galerie Vid\u00e9os Nos vid\u00e9os sont disponibles sur notre cha\u00eene Youtube","og_url":"https:\/\/lesalmees.fr\/index.php\/galerie\/","og_site_name":"Les Alm\u00e9es","article_modified_time":"2025-01-19T15:11:24+00:00","og_image":[{"url":"http:\/\/lesalmees.fr\/wp-content\/uploads\/2024\/09\/427A8785-1024x683.jpg"}],"twitter_card":"summary_large_image","twitter_misc":{"Dur\u00e9e de lecture estim\u00e9e":"7 minutes"},"schema":{"@context":"https:\/\/schema.org","@graph":[{"@type":"WebPage","@id":"https:\/\/lesalmees.fr\/index.php\/galerie\/","url":"https:\/\/lesalmees.fr\/index.php\/galerie\/","name":"Galerie Photos - Les Alm\u00e9es","isPartOf":{"@id":"https:\/\/lesalmees.fr\/#website"},"primaryImageOfPage":{"@id":"https:\/\/lesalmees.fr\/index.php\/galerie\/#primaryimage"},"image":{"@id":"https:\/\/lesalmees.fr\/index.php\/galerie\/#primaryimage"},"thumbnailUrl":"http:\/\/lesalmees.fr\/wp-content\/uploads\/2024\/09\/427A8785-1024x683.jpg","datePublished":"2024-03-15T19:46:41+00:00","dateModified":"2025-01-19T15:11:24+00:00","breadcrumb":{"@id":"https:\/\/lesalmees.fr\/index.php\/galerie\/#breadcrumb"},"inLanguage":"fr-FR","potentialAction":[{"@type":"ReadAction","target":["https:\/\/lesalmees.fr\/index.php\/galerie\/"]}]},{"@type":"ImageObject","inLanguage":"fr-FR","@id":"https:\/\/lesalmees.fr\/index.php\/galerie\/#primaryimage","url":"https:\/\/lesalmees.fr\/wp-content\/uploads\/2024\/09\/427A8785.jpg","contentUrl":"https:\/\/lesalmees.fr\/wp-content\/uploads\/2024\/09\/427A8785.jpg","width":2048,"height":1365,"caption":"\u00a9 Cr\u00e9dits photos : Agence Sunshine"},{"@type":"BreadcrumbList","@id":"https:\/\/lesalmees.fr\/index.php\/galerie\/#breadcrumb","itemListElement":[{"@type":"ListItem","position":1,"name":"Accueil","item":"https:\/\/lesalmees.fr\/"},{"@type":"ListItem","position":2,"name":"Galerie Photos"}]},{"@type":"WebSite","@id":"https:\/\/lesalmees.fr\/#website","url":"https:\/\/lesalmees.fr\/","name":"Les Alm\u00e9es","description":"","publisher":{"@id":"https:\/\/lesalmees.fr\/#organization"},"potentialAction":[{"@type":"SearchAction","target":{"@type":"EntryPoint","urlTemplate":"https:\/\/lesalmees.fr\/?s={search_term_string}"},"query-input":"required name=search_term_string"}],"inLanguage":"fr-FR"},{"@type":"Organization","@id":"https:\/\/lesalmees.fr\/#organization","name":"Les Alm\u00e9es","url":"https:\/\/lesalmees.fr\/","logo":{"@type":"ImageObject","inLanguage":"fr-FR","@id":"https:\/\/lesalmees.fr\/#\/schema\/logo\/image\/","url":"https:\/\/lesalmees.fr\/wp-content\/uploads\/2023\/09\/cropped-logo3-copier-1.png","contentUrl":"https:\/\/lesalmees.fr\/wp-content\/uploads\/2023\/09\/cropped-logo3-copier-1.png","width":799,"height":916,"caption":"Les Alm\u00e9es"},"image":{"@id":"https:\/\/lesalmees.fr\/#\/schema\/logo\/image\/"}}]}},"_links":{"self":[{"href":"https:\/\/lesalmees.fr\/index.php\/wp-json\/wp\/v2\/pages\/18","targetHints":{"allow":["GET"]}}],"collection":[{"href":"https:\/\/lesalmees.fr\/index.php\/wp-json\/wp\/v2\/pages"}],"about":[{"href":"https:\/\/lesalmees.fr\/index.php\/wp-json\/wp\/v2\/types\/page"}],"author":[{"embeddable":true,"href":"https:\/\/lesalmees.fr\/index.php\/wp-json\/wp\/v2\/users\/1"}],"replies":[{"embeddable":true,"href":"https:\/\/lesalmees.fr\/index.php\/wp-json\/wp\/v2\/comments?post=18"}],"version-history":[{"count":6,"href":"https:\/\/lesalmees.fr\/index.php\/wp-json\/wp\/v2\/pages\/18\/revisions"}],"predecessor-version":[{"id":474,"href":"https:\/\/lesalmees.fr\/index.php\/wp-json\/wp\/v2\/pages\/18\/revisions\/474"}],"wp:attachment":[{"href":"https:\/\/lesalmees.fr\/index.php\/wp-json\/wp\/v2\/media?parent=18"}],"curies":[{"name":"wp","href":"https:\/\/api.w.org\/{rel}","templated":true}]}}